{"id":667,"date":"2025-09-13T20:16:53","date_gmt":"2025-09-13T20:16:53","guid":{"rendered":"https:\/\/areladefe3054.live-website.com\/?page_id=667"},"modified":"2026-07-30T09:22:36","modified_gmt":"2026-07-30T09:22:36","slug":"fe-gonzalez","status":"publish","type":"page","link":"https:\/\/areladefe.com\/es\/fe-gonzalez\/","title":{"rendered":"Fe Gonz\u00e1lez"},"content":{"rendered":"\t\t<div data-elementor-type=\"wp-page\" data-elementor-id=\"667\" class=\"elementor elementor-667\" data-elementor-post-type=\"page\">\n\t\t\t\t<div class=\"elementor-element elementor-element-51b5a4d e-con-full e-flex e-con e-parent\" data-id=\"51b5a4d\" data-element_type=\"container\" data-e-type=\"container\">\n\t\t<div class=\"elementor-element elementor-element-1fcdcbe e-con-full e-flex e-con e-child\" data-id=\"1fcdcbe\" data-element_type=\"container\" data-e-type=\"container\">\n\t\t\t\t<div class=\"elementor-element elementor-element-c683db0 elementor-widget-laptop__width-initial elementor-hidden-mobile elementor-widget elementor-widget-image\" data-id=\"c683db0\" data-element_type=\"widget\" data-e-type=\"widget\" data-widget_type=\"image.default\">\n\t\t\t\t\t\t\t\t\t\t\t\t\t\t\t<img fetchpriority=\"high\" decoding=\"async\" width=\"800\" height=\"154\" src=\"https:\/\/areladefe.com\/wp-content\/uploads\/2025\/09\/areladefe-solo-nombre.png\" class=\"attachment-large size-large wp-image-530\" alt=\"\" srcset=\"https:\/\/areladefe.com\/wp-content\/uploads\/2025\/09\/areladefe-solo-nombre.png 1010w, https:\/\/areladefe.com\/wp-content\/uploads\/2025\/09\/areladefe-solo-nombre-300x58.png 300w, https:\/\/areladefe.com\/wp-content\/uploads\/2025\/09\/areladefe-solo-nombre-768x148.png 768w\" sizes=\"(max-width: 800px) 100vw, 800px\" \/>\t\t\t\t\t\t\t\t\t\t\t\t\t\t\t<\/div>\n\t\t\t\t<div class=\"elementor-element elementor-element-b33758f elementor-widget elementor-widget-heading\" data-id=\"b33758f\" data-element_type=\"widget\" data-e-type=\"widget\" data-widget_type=\"heading.default\">\n\t\t\t\t\t<h1 class=\"elementor-heading-title elementor-size-default\">Fe Gonz\u00e1lez<\/h1>\t\t\t\t<\/div>\n\t\t\t\t<div class=\"elementor-element elementor-element-03f1889 elementor-headline--style-highlight elementor-widget elementor-widget-animated-headline\" data-id=\"03f1889\" data-element_type=\"widget\" data-e-type=\"widget\" data-settings=\"{&quot;marker&quot;:&quot;underline&quot;,&quot;highlighted_text&quot;:&quot;Unha arela feita xoia&quot;,&quot;headline_style&quot;:&quot;highlight&quot;,&quot;highlight_animation_duration&quot;:1200}\" data-widget_type=\"animated-headline.default\">\n\t\t\t\t\t\t\t<h3 class=\"elementor-headline\">\n\t\t\t\t<span class=\"elementor-headline-dynamic-wrapper elementor-headline-text-wrapper\">\n\t\t\t\t\t<span class=\"elementor-headline-dynamic-text elementor-headline-text-active\">Unha arela feita xoia<\/span>\n\t\t\t\t<\/span>\n\t\t\t\t<\/h3>\n\t\t\t\t\t\t<\/div>\n\t\t\t\t<div class=\"elementor-element elementor-element-389e147 elementor-widget elementor-widget-text-editor\" data-id=\"389e147\" data-element_type=\"widget\" data-e-type=\"widget\" data-widget_type=\"text-editor.default\">\n\t\t\t\t\t\t\t\t\t<p><strong>*areladefe<\/strong> naceu no 2005 dunha arela: o desexo de crear beleza e emoci\u00f3n a trav\u00e9s da xoier\u00eda.<\/p><p>Son <strong>Fe Gonz\u00e1lez<\/strong> e levo m\u00e1is de vinte anos dese\u00f1ando e elaborando xoias artesanais en Galicia. Cada peza nace lentamente, dende a observaci\u00f3n, o oficio e o respecto polos materiais. Traballo principalmente con prata, ouro e cer\u00e1mica, buscando que cada xoia conserve a s\u00faa propia personalidade e acompa\u00f1e durante moito tempo a quen a leva.<\/p><p>Ao longo destes anos explorei t\u00e9cnicas, formas e materiais distintos, pero a esencia segue sendo a mesma: <strong>unir so\u00f1o, t\u00e9cnica e emoci\u00f3n<\/strong> para crear pezas que falen de n\u00f3s, da paisaxe que habitamos e das pequenas historias que nos acompa\u00f1an.<\/p><p>A prata \u00e9, para m\u00edn, o metal que m\u00e1is me gusta e que m\u00e1is presente est\u00e1 en cada unha das pezas que fago. \u00c9 un metal nobre e maleable, a realidade \u00e9 que o traballar e crear con prata s\u00edntome segura. Quiz\u00e1is por iso sempre acabo voltando a ella.<\/p>\t\t\t\t\t\t\t\t<\/div>\n\t\t\t\t<div class=\"elementor-element elementor-element-3742aac elementor-hidden-desktop elementor-hidden-laptop elementor-hidden-tablet elementor-widget elementor-widget-video\" data-id=\"3742aac\" data-element_type=\"widget\" data-e-type=\"widget\" data-settings=\"{&quot;video_type&quot;:&quot;hosted&quot;,&quot;controls&quot;:&quot;yes&quot;}\" data-widget_type=\"video.default\">\n\t\t\t\t\t\t\t<div class=\"e-hosted-video elementor-wrapper elementor-open-inline\">\n\t\t\t\t\t<video class=\"elementor-video\" src=\"https:\/\/areladefe3054.live-website.com\/wp-content\/uploads\/2025\/09\/areladefe%20video.mp4\" controls=\"\" preload=\"metadata\" controlsList=\"nodownload\"><\/video>\n\t\t\t\t<\/div>\n\t\t\t\t\t\t<\/div>\n\t\t\t\t<\/div>\n\t\t<div class=\"elementor-element elementor-element-e33986f e-con-full elementor-hidden-mobile e-flex e-con e-child\" data-id=\"e33986f\" data-element_type=\"container\" data-e-type=\"container\">\n\t\t\t\t<div class=\"elementor-element elementor-element-0f73662 elementor-widget elementor-widget-video\" data-id=\"0f73662\" data-element_type=\"widget\" data-e-type=\"widget\" data-settings=\"{&quot;video_type&quot;:&quot;hosted&quot;,&quot;controls&quot;:&quot;yes&quot;}\" data-widget_type=\"video.default\">\n\t\t\t\t\t\t\t<div class=\"e-hosted-video elementor-wrapper elementor-open-inline\">\n\t\t\t\t\t<video class=\"elementor-video\" src=\"https:\/\/areladefe3054.live-website.com\/wp-content\/uploads\/2025\/09\/areladefe%20video.mp4\" controls=\"\" preload=\"metadata\" controlsList=\"nodownload\"><\/video>\n\t\t\t\t<\/div>\n\t\t\t\t\t\t<\/div>\n\t\t\t\t<\/div>\n\t\t\t\t<\/div>\n\t\t<div class=\"elementor-element elementor-element-25e1ec1 e-con-full elementor-hidden-desktop elementor-hidden-laptop elementor-hidden-tablet elementor-hidden-mobile e-flex e-con e-parent\" data-id=\"25e1ec1\" data-element_type=\"container\" data-e-type=\"container\">\n\t\t<div class=\"elementor-element elementor-element-a9dd9ea e-con-full e-flex e-con e-child\" data-id=\"a9dd9ea\" data-element_type=\"container\" data-e-type=\"container\">\n\t\t\t\t<div class=\"elementor-element elementor-element-94f4efa elementor-widget-laptop__width-initial elementor-hidden-mobile elementor-widget elementor-widget-image\" data-id=\"94f4efa\" data-element_type=\"widget\" data-e-type=\"widget\" data-widget_type=\"image.default\">\n\t\t\t\t\t\t\t\t\t\t\t\t\t\t\t<img fetchpriority=\"high\" decoding=\"async\" width=\"800\" height=\"154\" src=\"https:\/\/areladefe.com\/wp-content\/uploads\/2025\/09\/areladefe-solo-nombre.png\" class=\"attachment-large size-large wp-image-530\" alt=\"\" srcset=\"https:\/\/areladefe.com\/wp-content\/uploads\/2025\/09\/areladefe-solo-nombre.png 1010w, https:\/\/areladefe.com\/wp-content\/uploads\/2025\/09\/areladefe-solo-nombre-300x58.png 300w, https:\/\/areladefe.com\/wp-content\/uploads\/2025\/09\/areladefe-solo-nombre-768x148.png 768w\" sizes=\"(max-width: 800px) 100vw, 800px\" \/>\t\t\t\t\t\t\t\t\t\t\t\t\t\t\t<\/div>\n\t\t\t\t<div class=\"elementor-element elementor-element-204a607 elementor-widget elementor-widget-heading\" data-id=\"204a607\" data-element_type=\"widget\" data-e-type=\"widget\" data-widget_type=\"heading.default\">\n\t\t\t\t\t<h1 class=\"elementor-heading-title elementor-size-default\">Fe Gonz\u00e1lez<\/h1>\t\t\t\t<\/div>\n\t\t\t\t<div class=\"elementor-element elementor-element-96bd160 elementor-headline--style-highlight elementor-widget elementor-widget-animated-headline\" data-id=\"96bd160\" data-element_type=\"widget\" data-e-type=\"widget\" data-settings=\"{&quot;marker&quot;:&quot;underline&quot;,&quot;highlighted_text&quot;:&quot;Unha arela feita xoia&quot;,&quot;headline_style&quot;:&quot;highlight&quot;,&quot;highlight_animation_duration&quot;:1200}\" data-widget_type=\"animated-headline.default\">\n\t\t\t\t\t\t\t<h3 class=\"elementor-headline\">\n\t\t\t\t<span class=\"elementor-headline-dynamic-wrapper elementor-headline-text-wrapper\">\n\t\t\t\t\t<span class=\"elementor-headline-dynamic-text elementor-headline-text-active\">Unha arela feita xoia<\/span>\n\t\t\t\t<\/span>\n\t\t\t\t<\/h3>\n\t\t\t\t\t\t<\/div>\n\t\t\t\t<div class=\"elementor-element elementor-element-c2c4bfe elementor-widget elementor-widget-text-editor\" data-id=\"c2c4bfe\" data-element_type=\"widget\" data-e-type=\"widget\" data-widget_type=\"text-editor.default\">\n\t\t\t\t\t\t\t\t\t<p><strong>*areladefe<\/strong> naceu no 2005 dunha arela: o desexo de crear beleza e emoci\u00f3n a trav\u00e9s da xoier\u00eda.<\/p><p>Son <strong>Fe Gonz\u00e1lez<\/strong> e levo m\u00e1is de vinte anos dese\u00f1ando e elaborando xoias artesanais en Galicia. Cada peza nace lentamente, dende a observaci\u00f3n, o oficio e o respecto polos materiais. Traballo principalmente con prata, ouro e cer\u00e1mica, buscando que cada xoia conserve a s\u00faa propia personalidade e acompa\u00f1e durante moito tempo a quen a leva.<\/p><p>Ao longo destes anos explorei t\u00e9cnicas, formas e materiais distintos, pero a esencia segue sendo a mesma: <strong>unir so\u00f1o, t\u00e9cnica e emoci\u00f3n<\/strong> para crear pezas que falen de n\u00f3s, da paisaxe que habitamos e das pequenas historias que nos acompa\u00f1an.<\/p><p>A prata \u00e9, para m\u00edn, o metal que m\u00e1is me gusta e que m\u00e1is presente est\u00e1 en cada unha das pezas que fago. \u00c9 un metal nobre e maleable, a realidade \u00e9 que o traballar e crear con prata s\u00edntome segura. Quiz\u00e1is por iso sempre acabo voltando a ella.<\/p>\t\t\t\t\t\t\t\t<\/div>\n\t\t\t\t<\/div>\n\t\t<div class=\"elementor-element elementor-element-b5d95c0 e-con-full e-flex e-con e-child\" data-id=\"b5d95c0\" data-element_type=\"container\" data-e-type=\"container\">\n\t\t\t\t<div class=\"elementor-element elementor-element-f72a6fb elementor-widget elementor-widget-image\" data-id=\"f72a6fb\" data-element_type=\"widget\" data-e-type=\"widget\" data-widget_type=\"image.default\">\n\t\t\t\t\t\t\t\t\t\t\t\t\t\t\t<img decoding=\"async\" src=\"https:\/\/areladefe.com\/wp-content\/plugins\/elementor\/assets\/images\/placeholder.png\" title=\"\" alt=\"\" loading=\"lazy\" \/>\t\t\t\t\t\t\t\t\t\t\t\t\t\t\t<\/div>\n\t\t\t\t<\/div>\n\t\t\t\t<\/div>\n\t\t<div class=\"elementor-element elementor-element-3895b70 e-con-full e-flex e-con e-parent\" data-id=\"3895b70\" data-element_type=\"container\" data-e-type=\"container\">\n\t\t<div class=\"elementor-element elementor-element-534e055 e-con-full e-flex e-con e-child\" data-id=\"534e055\" data-element_type=\"container\" data-e-type=\"container\">\n\t\t\t\t<div class=\"elementor-element elementor-element-58b6d1b elementor-headline--style-highlight elementor-widget elementor-widget-animated-headline\" data-id=\"58b6d1b\" data-element_type=\"widget\" data-e-type=\"widget\" data-settings=\"{&quot;marker&quot;:&quot;underline&quot;,&quot;highlighted_text&quot;:&quot;O mar como inspiraci\\u00f3n&quot;,&quot;headline_style&quot;:&quot;highlight&quot;,&quot;highlight_animation_duration&quot;:1200}\" data-widget_type=\"animated-headline.default\">\n\t\t\t\t\t\t\t<h3 class=\"elementor-headline\">\n\t\t\t\t<span class=\"elementor-headline-dynamic-wrapper elementor-headline-text-wrapper\">\n\t\t\t\t\t<span class=\"elementor-headline-dynamic-text elementor-headline-text-active\">O mar como inspiraci\u00f3n<\/span>\n\t\t\t\t<\/span>\n\t\t\t\t<\/h3>\n\t\t\t\t\t\t<\/div>\n\t\t\t\t<div class=\"elementor-element elementor-element-17dec20 elementor-widget elementor-widget-text-editor\" data-id=\"17dec20\" data-element_type=\"widget\" data-e-type=\"widget\" data-widget_type=\"text-editor.default\">\n\t\t\t\t\t\t\t\t\t<p>As ondas, a luz cambiante, a area mollada ou as rochas da costa aparecen con frecuencia no meu proceso creativo. \u00c1s veces conv\u00e9rtense en formas, outras en texturas ou en pequenos detalles que, case sen decatarme, acaban formando parte dunha colecci\u00f3n.<\/p><p><strong>Galicia<\/strong> \u00e9 o lugar onde nac\u00edn e onde vivo, o mar sempre formou parte da mi\u00f1a vida. De pequena gust\u00e1bame perder o tempo entre as rochas, ir pescar, recoller pequenas pedras, cunchas ou anacos de madeira que as mareas deixaban na beira.<\/p><p><strong>O mar<\/strong> forma parte da mi\u00f1a vida e da mi\u00f1a memoria. Est\u00e1 presente na paisaxe que me rodea e sen case decatarme , tam\u00e9n na maneira en que observo e plasmo o meu sentir en cada unha das mi\u00f1as pezas ou colecci\u00f3ns.<\/p><p>As rochas, a luz, as ondas, a bravura do Atl\u00e1ntico norte..as veces est\u00e1n ah\u00ed, en cada xoia, na textura e nas marcas que deixa o martelo, no brillo da prata como se fose o sol cando reflexa no mar un destello plateado e infinito.<\/p><p><strong>Antes de aprender a traballar a prata, aprend\u00edn a mirar o mar.<\/strong><\/p>\t\t\t\t\t\t\t\t<\/div>\n\t\t\t\t<\/div>\n\t\t<div class=\"elementor-element elementor-element-afa0214 e-con-full e-flex e-con e-child\" data-id=\"afa0214\" data-element_type=\"container\" data-e-type=\"container\">\n\t\t\t\t<div class=\"elementor-element elementor-element-95dcd4f elementor-widget elementor-widget-image\" data-id=\"95dcd4f\" data-element_type=\"widget\" data-e-type=\"widget\" data-widget_type=\"image.default\">\n\t\t\t\t\t\t\t\t\t\t\t\t\t\t\t<img decoding=\"async\" width=\"683\" height=\"1024\" src=\"https:\/\/areladefe.com\/wp-content\/uploads\/2025\/09\/collar-o-mar-redes-plata-vidrio-playa-683x1024.webp\" class=\"attachment-large size-large wp-image-392\" alt=\"\" srcset=\"https:\/\/areladefe.com\/wp-content\/uploads\/2025\/09\/collar-o-mar-redes-plata-vidrio-playa-683x1024.webp 683w, https:\/\/areladefe.com\/wp-content\/uploads\/2025\/09\/collar-o-mar-redes-plata-vidrio-playa-200x300.webp 200w, https:\/\/areladefe.com\/wp-content\/uploads\/2025\/09\/collar-o-mar-redes-plata-vidrio-playa-768x1152.webp 768w, https:\/\/areladefe.com\/wp-content\/uploads\/2025\/09\/collar-o-mar-redes-plata-vidrio-playa.webp 800w\" sizes=\"(max-width: 683px) 100vw, 683px\" \/>\t\t\t\t\t\t\t\t\t\t\t\t\t\t\t<\/div>\n\t\t\t\t<\/div>\n\t\t\t\t<\/div>\n\t\t<div class=\"elementor-element elementor-element-c06756d e-con-full e-flex e-con e-parent\" data-id=\"c06756d\" data-element_type=\"container\" data-e-type=\"container\">\n\t\t<div class=\"elementor-element elementor-element-99c6f1e e-con-full e-flex e-con e-child\" data-id=\"99c6f1e\" data-element_type=\"container\" data-e-type=\"container\">\n\t\t\t\t<div class=\"elementor-element elementor-element-3a0bd54 elementor-headline--style-highlight elementor-widget elementor-widget-animated-headline\" data-id=\"3a0bd54\" data-element_type=\"widget\" data-e-type=\"widget\" data-settings=\"{&quot;marker&quot;:&quot;underline&quot;,&quot;highlighted_text&quot;:&quot;O obradoiro&quot;,&quot;headline_style&quot;:&quot;highlight&quot;,&quot;highlight_animation_duration&quot;:1200}\" data-widget_type=\"animated-headline.default\">\n\t\t\t\t\t\t\t<h3 class=\"elementor-headline\">\n\t\t\t\t<span class=\"elementor-headline-dynamic-wrapper elementor-headline-text-wrapper\">\n\t\t\t\t\t<span class=\"elementor-headline-dynamic-text elementor-headline-text-active\">O obradoiro<\/span>\n\t\t\t\t<\/span>\n\t\t\t\t<\/h3>\n\t\t\t\t\t\t<\/div>\n\t\t\t\t<div class=\"elementor-element elementor-element-adf737f elementor-widget elementor-widget-text-editor\" data-id=\"adf737f\" data-element_type=\"widget\" data-e-type=\"widget\" data-widget_type=\"text-editor.default\">\n\t\t\t\t\t\t\t\t\t<p>O meu obradoiro \u00e9 un espazo donde paso moito tempo e sempre me parece pouco. Est\u00e1 situado no concello de <strong>Oia<\/strong>, Pontevedra, e a mi\u00f1a mesa de traballo mira \u00f3 Mar.<\/p><p>\u00c9 un espazo de calma onde convive tam\u00e9n un certo caos, para m\u00edn case necesario!! <\/p><p>\u00c9 onde dese\u00f1o e fabrico todas e cada unha das pezas que fago, van tomando forma pouco a pouco.<\/p><p><strong>Traballar a man significa aceptar o tempo que cada peza necesita<\/strong>, as pequenas diferencias que poida haber en cada unha delas, tam\u00e9n forma parte da s\u00faa historia.<\/p><p>O meu obradoiro \u00e9 un lugar de traballo e tam\u00e9n \u00e9 un <strong>lugar de encontro<\/strong>. As veces a curiosidade de c\u00f3mo se fai unha xoia fai que algu\u00e9n prema o timbre, outras o veci\u00f1o que s\u00f3 pasa a saudar e ofrecer caf\u00e9 e outras alg\u00fan colega con quen compartir ideas.<\/p><p>Cada visita achega algo diferente e todas aportan,son conversas que forman parte do meu d\u00eda a d\u00eda e que, dalgunha maneira tam\u00e9n acaban formando parte do meu traballo.<\/p><p>Detr\u00e1s de cada xoia hai oficio pero tam\u00e9n persoas, lembranzas e tempo compartido.<\/p><p>Estou convencida de que esto so pasa porque vivo no <strong>Rural<\/strong>.<\/p>\t\t\t\t\t\t\t\t<\/div>\n\t\t\t\t<\/div>\n\t\t<div class=\"elementor-element elementor-element-8777aa4 e-con-full e-flex e-con e-child\" data-id=\"8777aa4\" data-element_type=\"container\" data-e-type=\"container\">\n\t\t\t\t<div class=\"elementor-element elementor-element-deb5d9f elementor-widget elementor-widget-image\" data-id=\"deb5d9f\" data-element_type=\"widget\" data-e-type=\"widget\" data-widget_type=\"image.default\">\n\t\t\t\t\t\t\t\t\t\t\t\t\t\t\t<img decoding=\"async\" width=\"800\" height=\"484\" src=\"https:\/\/areladefe.com\/wp-content\/uploads\/2025\/09\/areladefe-fe-gonzalez-1024x620.jpg\" class=\"attachment-large size-large wp-image-706\" alt=\"\" srcset=\"https:\/\/areladefe.com\/wp-content\/uploads\/2025\/09\/areladefe-fe-gonzalez-1024x620.jpg 1024w, https:\/\/areladefe.com\/wp-content\/uploads\/2025\/09\/areladefe-fe-gonzalez-300x182.jpg 300w, https:\/\/areladefe.com\/wp-content\/uploads\/2025\/09\/areladefe-fe-gonzalez-768x465.jpg 768w, https:\/\/areladefe.com\/wp-content\/uploads\/2025\/09\/areladefe-fe-gonzalez.jpg 1200w\" sizes=\"(max-width: 800px) 100vw, 800px\" \/>\t\t\t\t\t\t\t\t\t\t\t\t\t\t\t<\/div>\n\t\t\t\t<\/div>\n\t\t\t\t<\/div>\n\t\t<div class=\"elementor-element elementor-element-d6d0c3d e-con-full e-flex e-con e-parent\" data-id=\"d6d0c3d\" data-element_type=\"container\" data-e-type=\"container\">\n\t\t<div class=\"elementor-element elementor-element-81bfeb2 e-con-full e-flex e-con e-child\" data-id=\"81bfeb2\" data-element_type=\"container\" data-e-type=\"container\">\n\t\t\t\t<div class=\"elementor-element elementor-element-10ae653 elementor-headline--style-highlight elementor-widget elementor-widget-animated-headline\" data-id=\"10ae653\" data-element_type=\"widget\" data-e-type=\"widget\" data-settings=\"{&quot;marker&quot;:&quot;underline&quot;,&quot;highlighted_text&quot;:&quot;Os materiais e as historias&quot;,&quot;headline_style&quot;:&quot;highlight&quot;,&quot;highlight_animation_duration&quot;:1200}\" data-widget_type=\"animated-headline.default\">\n\t\t\t\t\t\t\t<h3 class=\"elementor-headline\">\n\t\t\t\t<span class=\"elementor-headline-dynamic-wrapper elementor-headline-text-wrapper\">\n\t\t\t\t\t<span class=\"elementor-headline-dynamic-text elementor-headline-text-active\">Os materiais e as historias<\/span>\n\t\t\t\t<\/span>\n\t\t\t\t<\/h3>\n\t\t\t\t\t\t<\/div>\n\t\t\t\t<div class=\"elementor-element elementor-element-abb0ddf elementor-widget elementor-widget-text-editor\" data-id=\"abb0ddf\" data-element_type=\"widget\" data-e-type=\"widget\" data-widget_type=\"text-editor.default\">\n\t\t\t\t\t\t\t\t\t<p>A <strong>prata<\/strong> \u00e9 o metal nobre co que m\u00e1is me identifico e o que est\u00e1 presente en case todos os meus traballos.<\/p><p>Pero tam\u00e9n emprego o <strong>ouro<\/strong>, achega calidez, luz e elegancia atemporal, para m\u00edn tam\u00e9n aporta forza, g\u00fastame empregalo s\u00f3 cando a peza e o meu sentir o pide e se non, por encargo.<\/p><p>As <strong>pezas de ouro<\/strong> que fago <strong>por encargo<\/strong> sempre son un reto para m\u00edn. Non s\u00f3 polo traballo que supo\u00f1en, sen\u00f3n porque detr\u00e1s de cada unha hai unha historia, unha ilusi\u00f3n ou un momento importante na vida de algu\u00e9n, sinto a confianza que me d\u00e1n, que me escollan para formar parte dese momento \u00e9 algo que me segue emocionando igual que o primeiro d\u00eda.<\/p><p>Algunhas colecci\u00f3ns nacen da observaci\u00f3n da natureza, de ah\u00ed que o mar est\u00e9 case sempre moi presente, outras xorden dun encontro inesperado. A colecci\u00f3n 97\u00b0, por exemplo, nace a partir dunhas pezas de <strong>cer\u00e1mica industrial<\/strong> fabricadas en 1997 na f\u00e1brica As Cachadas, no Baixo Mi\u00f1o. Aquel descubrimento abriu un novo cami\u00f1o creativo no que tradici\u00f3n, memoria e dese\u00f1o contempor\u00e1neo dialogan entre si.<\/p><p>Cada material ten o seu car\u00e1cter e o seu ritmo. Gustame <strong>experimentar, mesturar, probar&#8230;<\/strong>Tam\u00e9n me gusta visitar mercadillos, sempre atopo alg\u00fan tesouro para darlle unha segunda vida. S\u00f3 ten que chegar o momento e trnasformar en xoia ou colecci\u00f3n.<\/p><p>G\u00fastame velos, tocalos e tam\u00e9n esquecelos a partes iguais\u2026.na mesa central do meu obradoiro hai unha parte onde o caos presente convive con a clasificaci\u00f3n de cada peza terminada e empaquetada, \u00e9 ah\u00ed, nese caos, onde algunhas veces as musas aparecen e eu sorprendida, aproveito o momento.<\/p>\t\t\t\t\t\t\t\t<\/div>\n\t\t\t\t<\/div>\n\t\t<div class=\"elementor-element elementor-element-f6646e5 e-con-full e-flex e-con e-child\" data-id=\"f6646e5\" data-element_type=\"container\" data-e-type=\"container\">\n\t\t\t\t<div class=\"elementor-element elementor-element-44d4a91 elementor-widget elementor-widget-image\" data-id=\"44d4a91\" data-element_type=\"widget\" data-e-type=\"widget\" data-widget_type=\"image.default\">\n\t\t\t\t\t\t\t\t\t\t\t\t\t\t\t<img loading=\"lazy\" decoding=\"async\" width=\"800\" height=\"466\" src=\"https:\/\/areladefe.com\/wp-content\/uploads\/2025\/09\/areladefe-obradoiro-oia-detalle-cuncas-1024x597.jpg\" class=\"attachment-large size-large wp-image-708\" alt=\"Detalle de una pieza de la colecci\u00f3n Cuncas de areladefe en el taller de Fe Gonzalez\" srcset=\"https:\/\/areladefe.com\/wp-content\/uploads\/2025\/09\/areladefe-obradoiro-oia-detalle-cuncas-1024x597.jpg 1024w, https:\/\/areladefe.com\/wp-content\/uploads\/2025\/09\/areladefe-obradoiro-oia-detalle-cuncas-300x175.jpg 300w, https:\/\/areladefe.com\/wp-content\/uploads\/2025\/09\/areladefe-obradoiro-oia-detalle-cuncas-768x448.jpg 768w, https:\/\/areladefe.com\/wp-content\/uploads\/2025\/09\/areladefe-obradoiro-oia-detalle-cuncas.jpg 1200w\" sizes=\"(max-width: 800px) 100vw, 800px\" \/>\t\t\t\t\t\t\t\t\t\t\t\t\t\t\t<\/div>\n\t\t\t\t<\/div>\n\t\t\t\t<\/div>\n\t\t<div class=\"elementor-element elementor-element-3dfbde0 e-con-full e-flex e-con e-parent\" data-id=\"3dfbde0\" data-element_type=\"container\" data-e-type=\"container\">\n\t\t<div class=\"elementor-element elementor-element-711165d e-con-full e-flex e-con e-child\" data-id=\"711165d\" data-element_type=\"container\" data-e-type=\"container\">\n\t\t\t\t<div class=\"elementor-element elementor-element-1b74529 elementor-headline--style-highlight elementor-widget elementor-widget-animated-headline\" data-id=\"1b74529\" data-element_type=\"widget\" data-e-type=\"widget\" data-settings=\"{&quot;marker&quot;:&quot;underline&quot;,&quot;highlighted_text&quot;:&quot;M\\u00e1is que unha xoia&quot;,&quot;headline_style&quot;:&quot;highlight&quot;,&quot;highlight_animation_duration&quot;:1200}\" data-widget_type=\"animated-headline.default\">\n\t\t\t\t\t\t\t<h3 class=\"elementor-headline\">\n\t\t\t\t<span class=\"elementor-headline-dynamic-wrapper elementor-headline-text-wrapper\">\n\t\t\t\t\t<span class=\"elementor-headline-dynamic-text elementor-headline-text-active\">M\u00e1is que unha xoia<\/span>\n\t\t\t\t<\/span>\n\t\t\t\t<\/h3>\n\t\t\t\t\t\t<\/div>\n\t\t\t\t<div class=\"elementor-element elementor-element-2d668ca elementor-widget elementor-widget-text-editor\" data-id=\"2d668ca\" data-element_type=\"widget\" data-e-type=\"widget\" data-widget_type=\"text-editor.default\">\n\t\t\t\t\t\t\t\t\t<p>Para min a vida dunha xoia non remata cando sae do obradoiro. \u00c9 ah\u00ed cando comeza a sua verdadeira historia.<\/p><p>Pasa a formar parte da vida de algu\u00e9n, acomp\u00e1\u00f1ao, cambia con ela e as veces segue o seu cami\u00f1o cambiando de m\u00e1ns.<\/p><p>Agardo que atope nela algo m\u00e1is que unha xoia: <strong>unha pequena historia que poida facer s\u00faa.<\/strong><\/p><p>Nun mundo que cambia moi r\u00e1pido, g\u00fastame pensar que unha xoia pode acompa\u00f1ar durante moitos anos a quen a leva, gardando lembranzas, emoci\u00f3ns e momentos importantes.<\/p><p>Cada peza que sae do obradoiro leva consigo unha parte dese proceso.<\/p>\t\t\t\t\t\t\t\t<\/div>\n\t\t\t\t<\/div>\n\t\t<div class=\"elementor-element elementor-element-96badf5 e-con-full e-flex e-con e-child\" data-id=\"96badf5\" data-element_type=\"container\" data-e-type=\"container\">\n\t\t\t\t<div class=\"elementor-element elementor-element-0385b18 elementor-widget elementor-widget-image\" data-id=\"0385b18\" data-element_type=\"widget\" data-e-type=\"widget\" data-widget_type=\"image.default\">\n\t\t\t\t\t\t\t\t\t\t\t\t\t\t\t<img loading=\"lazy\" decoding=\"async\" width=\"800\" height=\"577\" src=\"https:\/\/areladefe.com\/wp-content\/uploads\/2025\/09\/anillo-cantos-rodados-plata-exterior-1-1024x739.webp\" class=\"attachment-large size-large wp-image-269\" alt=\"\" srcset=\"https:\/\/areladefe.com\/wp-content\/uploads\/2025\/09\/anillo-cantos-rodados-plata-exterior-1-1024x739.webp 1024w, https:\/\/areladefe.com\/wp-content\/uploads\/2025\/09\/anillo-cantos-rodados-plata-exterior-1-300x217.webp 300w, https:\/\/areladefe.com\/wp-content\/uploads\/2025\/09\/anillo-cantos-rodados-plata-exterior-1-768x554.webp 768w, https:\/\/areladefe.com\/wp-content\/uploads\/2025\/09\/anillo-cantos-rodados-plata-exterior-1.webp 1200w\" sizes=\"(max-width: 800px) 100vw, 800px\" \/>\t\t\t\t\t\t\t\t\t\t\t\t\t\t\t<\/div>\n\t\t\t\t<\/div>\n\t\t\t\t<\/div>\n\t\t<div class=\"elementor-element elementor-element-52a06fc e-con-full e-flex e-con e-parent\" data-id=\"52a06fc\" data-element_type=\"container\" data-e-type=\"container\">\n\t\t<div class=\"elementor-element elementor-element-449791e e-con-full e-flex e-con e-child\" data-id=\"449791e\" data-element_type=\"container\" data-e-type=\"container\">\n\t\t\t\t<div class=\"elementor-element elementor-element-b2a91f9 elementor-headline--style-highlight elementor-widget elementor-widget-animated-headline\" data-id=\"b2a91f9\" data-element_type=\"widget\" data-e-type=\"widget\" data-settings=\"{&quot;marker&quot;:&quot;underline&quot;,&quot;highlighted_text&quot;:&quot;Visita o obradoiro&quot;,&quot;headline_style&quot;:&quot;highlight&quot;,&quot;highlight_animation_duration&quot;:1200}\" data-widget_type=\"animated-headline.default\">\n\t\t\t\t\t\t\t<h3 class=\"elementor-headline\">\n\t\t\t\t<span class=\"elementor-headline-dynamic-wrapper elementor-headline-text-wrapper\">\n\t\t\t\t\t<span class=\"elementor-headline-dynamic-text elementor-headline-text-active\">Visita o obradoiro<\/span>\n\t\t\t\t<\/span>\n\t\t\t\t<\/h3>\n\t\t\t\t\t\t<\/div>\n\t\t\t\t<div class=\"elementor-element elementor-element-52c8f2e elementor-widget elementor-widget-text-editor\" data-id=\"52c8f2e\" data-element_type=\"widget\" data-e-type=\"widget\" data-widget_type=\"text-editor.default\">\n\t\t\t\t\t\t\t\t\t<p>Se che apetece co\u00f1ecer o meu obradoiro de <strong>Oia<\/strong> ou visitarme en areladefe en <strong>A Guarda<\/strong> e descubrir tal vez alg\u00fan pequeno tesuro, s\u00f3 tes que chamar ou escribirme e concertamos unha <strong>cita previa<\/strong>.<\/p><p>Estarei encantada de recibirte e compartir contigo o proceso de creaci\u00f3n de cada colecci\u00f3n.<\/p>\t\t\t\t\t\t\t\t<\/div>\n\t\t\t\t<div class=\"elementor-element elementor-element-f2d5c5c elementor-button-align-center elementor-widget elementor-widget-form\" data-id=\"f2d5c5c\" data-element_type=\"widget\" data-e-type=\"widget\" data-settings=\"{&quot;step_next_label&quot;:&quot;Siguiente&quot;,&quot;step_previous_label&quot;:&quot;Anterior&quot;,&quot;button_width&quot;:&quot;100&quot;,&quot;step_type&quot;:&quot;number_text&quot;,&quot;step_icon_shape&quot;:&quot;circle&quot;}\" data-widget_type=\"form.default\">\n\t\t\t\t\t\t\t<form class=\"elementor-form\" method=\"post\" name=\"Formulario contacto FeGonzalez\" aria-label=\"Formulario contacto FeGonzalez\">\n\t\t\t<input type=\"hidden\" name=\"post_id\" value=\"667\"\/>\n\t\t\t<input type=\"hidden\" name=\"form_id\" value=\"f2d5c5c\"\/>\n\t\t\t<input type=\"hidden\" name=\"referer_title\" value=\"Fe Gonz\u00e1lez | Joyer\u00eda artesanal en Galicia desde 2005 | areladefe\" \/>\n\n\t\t\t\t\t\t\t<input type=\"hidden\" name=\"queried_id\" value=\"667\"\/>\n\t\t\t\n\t\t\t<div class=\"elementor-form-fields-wrapper elementor-labels-\">\n\t\t\t\t\t\t\t\t<div class=\"elementor-field-type-text elementor-field-group elementor-column elementor-field-group-name elementor-col-100\">\n\t\t\t\t\t\t\t\t\t\t\t\t<label for=\"form-field-name\" class=\"elementor-field-label elementor-screen-only\">\n\t\t\t\t\t\t\t\tNome\t\t\t\t\t\t\t<\/label>\n\t\t\t\t\t\t\t\t\t\t\t\t\t\t<input size=\"1\" type=\"text\" name=\"form_fields[name]\" id=\"form-field-name\" class=\"elementor-field elementor-size-sm  elementor-field-textual\" placeholder=\"Nome\">\n\t\t\t\t\t\t\t\t\t\t\t<\/div>\n\t\t\t\t\t\t\t\t<div class=\"elementor-field-type-email elementor-field-group elementor-column elementor-field-group-email elementor-col-100 elementor-field-required\">\n\t\t\t\t\t\t\t\t\t\t\t\t<label for=\"form-field-email\" class=\"elementor-field-label elementor-screen-only\">\n\t\t\t\t\t\t\t\tCorreo electr\u00f3nico\t\t\t\t\t\t\t<\/label>\n\t\t\t\t\t\t\t\t\t\t\t\t\t\t<input size=\"1\" type=\"email\" name=\"form_fields[email]\" id=\"form-field-email\" class=\"elementor-field elementor-size-sm  elementor-field-textual\" placeholder=\"Correo electr\u00f3nico\" required=\"required\">\n\t\t\t\t\t\t\t\t\t\t\t<\/div>\n\t\t\t\t\t\t\t\t<div class=\"elementor-field-type-textarea elementor-field-group elementor-column elementor-field-group-field_93d1932 elementor-col-100\">\n\t\t\t\t\t\t\t\t\t\t\t\t<label for=\"form-field-field_93d1932\" class=\"elementor-field-label elementor-screen-only\">\n\t\t\t\t\t\t\t\tMensaxe\t\t\t\t\t\t\t<\/label>\n\t\t\t\t\t\t<textarea class=\"elementor-field-textual elementor-field  elementor-size-sm\" name=\"form_fields[field_93d1932]\" id=\"form-field-field_93d1932\" rows=\"4\" placeholder=\"Mensaxe\"><\/textarea>\t\t\t\t<\/div>\n\t\t\t\t\t\t\t\t<div class=\"elementor-field-group elementor-column elementor-field-type-submit elementor-col-100 e-form__buttons\">\n\t\t\t\t\t<button class=\"elementor-button elementor-size-xs\" type=\"submit\">\n\t\t\t\t\t\t<span class=\"elementor-button-content-wrapper\">\n\t\t\t\t\t\t\t\t\t\t\t\t\t\t\t\t\t\t\t\t\t\t<span class=\"elementor-button-text\">Enviar<\/span>\n\t\t\t\t\t\t\t\t\t\t\t\t\t<\/span>\n\t\t\t\t\t<\/button>\n\t\t\t\t<\/div>\n\t\t\t<\/div>\n\t\t<\/form>\n\t\t\t\t\t\t<\/div>\n\t\t\t\t<\/div>\n\t\t<div class=\"elementor-element elementor-element-1c50cf1 e-con-full e-flex e-con e-child\" data-id=\"1c50cf1\" data-element_type=\"container\" data-e-type=\"container\">\n\t\t\t\t<div class=\"elementor-element elementor-element-17a6c18 elementor-widget elementor-widget-image\" data-id=\"17a6c18\" data-element_type=\"widget\" data-e-type=\"widget\" data-widget_type=\"image.default\">\n\t\t\t\t\t\t\t\t\t\t\t\t\t\t\t<img loading=\"lazy\" decoding=\"async\" width=\"800\" height=\"466\" src=\"https:\/\/areladefe.com\/wp-content\/uploads\/2025\/09\/areladefe-obradoiro-oia-detalle-1024x596.jpg\" class=\"attachment-large size-large wp-image-707\" alt=\"\" srcset=\"https:\/\/areladefe.com\/wp-content\/uploads\/2025\/09\/areladefe-obradoiro-oia-detalle-1024x596.jpg 1024w, https:\/\/areladefe.com\/wp-content\/uploads\/2025\/09\/areladefe-obradoiro-oia-detalle-300x175.jpg 300w, https:\/\/areladefe.com\/wp-content\/uploads\/2025\/09\/areladefe-obradoiro-oia-detalle-768x447.jpg 768w, https:\/\/areladefe.com\/wp-content\/uploads\/2025\/09\/areladefe-obradoiro-oia-detalle.jpg 1200w\" sizes=\"(max-width: 800px) 100vw, 800px\" \/>\t\t\t\t\t\t\t\t\t\t\t\t\t\t\t<\/div>\n\t\t\t\t<\/div>\n\t\t\t\t<\/div>\n\t\t\t\t<\/div>\n\t\t","protected":false},"excerpt":{"rendered":"<p>Fe Gonz\u00e1lez Unha arela feita xoia *areladefe naceu no 2005 dunha arela: o desexo de crear beleza e emoci\u00f3n a trav\u00e9s da xoier\u00eda. Son Fe Gonz\u00e1lez e levo m\u00e1is de vinte anos dese\u00f1ando e elaborando xoias artesanais en Galicia. Cada peza nace lentamente, dende a observaci\u00f3n, o oficio e o respecto polos materiais. Traballo principalmente [&hellip;]<\/p>\n","protected":false},"author":1,"featured_media":0,"parent":0,"menu_order":0,"comment_status":"closed","ping_status":"closed","template":"","meta":{"footnotes":""},"class_list":["post-667","page","type-page","status-publish","hentry"],"yoast_head":"<!-- This site is optimized with the Yoast SEO plugin v28.2 - https:\/\/yoast.com\/product\/yoast-seo-wordpress\/ -->\n<title>Fe Gonz\u00e1lez | Joyer\u00eda artesanal en Galicia desde 2005 | areladefe<\/title>\n<meta name=\"description\" content=\"Conoce a Fe Gonz\u00e1lez, artesana joyera con m\u00e1s de 20 a\u00f1os de experiencia. Su taller en Oia mira al mar. Cada pieza de areladefe nace de ese lugar y esa mirada.\" \/>\n<meta name=\"robots\" content=\"index, follow, max-snippet:-1, max-image-preview:large, max-video-preview:-1\" \/>\n<link rel=\"canonical\" href=\"https:\/\/areladefe.com\/es\/fe-gonzalez\/\" \/>\n<meta property=\"og:locale\" content=\"es_ES\" \/>\n<meta property=\"og:type\" content=\"article\" \/>\n<meta property=\"og:title\" content=\"Fe Gonz\u00e1lez | Joyer\u00eda artesanal en Galicia desde 2005 | areladefe\" \/>\n<meta property=\"og:description\" content=\"Conoce a Fe Gonz\u00e1lez, artesana joyera con m\u00e1s de 20 a\u00f1os de experiencia. Su taller en Oia mira al mar. Cada pieza de areladefe nace de ese lugar y esa mirada.\" \/>\n<meta property=\"og:url\" content=\"https:\/\/areladefe.com\/es\/fe-gonzalez\/\" \/>\n<meta property=\"og:site_name\" content=\"ARELADEFE\" \/>\n<meta property=\"article:modified_time\" content=\"2026-07-30T09:22:36+00:00\" \/>\n<meta property=\"og:image\" content=\"https:\/\/areladefe.com\/wp-content\/uploads\/2025\/09\/areladefe-solo-nombre.png\" \/>\n<meta name=\"twitter:card\" content=\"summary_large_image\" \/>\n<meta name=\"twitter:label1\" content=\"Tiempo de lectura\" \/>\n\t<meta name=\"twitter:data1\" content=\"7 minutos\" \/>\n<script type=\"application\/ld+json\" class=\"yoast-schema-graph\">{\"@context\":\"https:\\\/\\\/schema.org\",\"@graph\":[{\"@type\":\"WebPage\",\"@id\":\"https:\\\/\\\/areladefe.com\\\/fe-gonzalez\\\/\",\"url\":\"https:\\\/\\\/areladefe.com\\\/fe-gonzalez\\\/\",\"name\":\"Fe Gonz\u00e1lez | Joyer\u00eda artesanal en Galicia desde 2005 | areladefe\",\"isPartOf\":{\"@id\":\"https:\\\/\\\/areladefe.com\\\/#website\"},\"primaryImageOfPage\":{\"@id\":\"https:\\\/\\\/areladefe.com\\\/fe-gonzalez\\\/#primaryimage\"},\"image\":{\"@id\":\"https:\\\/\\\/areladefe.com\\\/fe-gonzalez\\\/#primaryimage\"},\"thumbnailUrl\":\"https:\\\/\\\/areladefe.com\\\/wp-content\\\/uploads\\\/2025\\\/09\\\/areladefe-solo-nombre.png\",\"datePublished\":\"2025-09-13T20:16:53+00:00\",\"dateModified\":\"2026-07-30T09:22:36+00:00\",\"description\":\"Conoce a Fe Gonz\u00e1lez, artesana joyera con m\u00e1s de 20 a\u00f1os de experiencia. Su taller en Oia mira al mar. Cada pieza de areladefe nace de ese lugar y esa mirada.\",\"breadcrumb\":{\"@id\":\"https:\\\/\\\/areladefe.com\\\/fe-gonzalez\\\/#breadcrumb\"},\"inLanguage\":\"es\",\"potentialAction\":[{\"@type\":\"ReadAction\",\"target\":[\"https:\\\/\\\/areladefe.com\\\/fe-gonzalez\\\/\"]}]},{\"@type\":\"ImageObject\",\"inLanguage\":\"es\",\"@id\":\"https:\\\/\\\/areladefe.com\\\/fe-gonzalez\\\/#primaryimage\",\"url\":\"https:\\\/\\\/areladefe.com\\\/wp-content\\\/uploads\\\/2025\\\/09\\\/areladefe-solo-nombre.png\",\"contentUrl\":\"https:\\\/\\\/areladefe.com\\\/wp-content\\\/uploads\\\/2025\\\/09\\\/areladefe-solo-nombre.png\"},{\"@type\":\"BreadcrumbList\",\"@id\":\"https:\\\/\\\/areladefe.com\\\/fe-gonzalez\\\/#breadcrumb\",\"itemListElement\":[{\"@type\":\"ListItem\",\"position\":1,\"name\":\"Portada\",\"item\":\"https:\\\/\\\/areladefe.com\\\/\"},{\"@type\":\"ListItem\",\"position\":2,\"name\":\"Fe Gonz\u00e1lez\"}]},{\"@type\":\"WebSite\",\"@id\":\"https:\\\/\\\/areladefe.com\\\/#website\",\"url\":\"https:\\\/\\\/areladefe.com\\\/\",\"name\":\"ARELADEFE\",\"description\":\"Xoier\u00eda creativa\",\"publisher\":{\"@id\":\"https:\\\/\\\/areladefe.com\\\/#organization\"},\"potentialAction\":[{\"@type\":\"SearchAction\",\"target\":{\"@type\":\"EntryPoint\",\"urlTemplate\":\"https:\\\/\\\/areladefe.com\\\/?s={search_term_string}\"},\"query-input\":{\"@type\":\"PropertyValueSpecification\",\"valueRequired\":true,\"valueName\":\"search_term_string\"}}],\"inLanguage\":\"es\"},{\"@type\":\"Organization\",\"@id\":\"https:\\\/\\\/areladefe.com\\\/#organization\",\"name\":\"ARELADEFE\",\"url\":\"https:\\\/\\\/areladefe.com\\\/\",\"logo\":{\"@type\":\"ImageObject\",\"inLanguage\":\"es\",\"@id\":\"https:\\\/\\\/areladefe.com\\\/#\\\/schema\\\/logo\\\/image\\\/\",\"url\":\"https:\\\/\\\/areladefe.com\\\/wp-content\\\/uploads\\\/2025\\\/10\\\/areladefe-xoieria-creativa-logo-color.png\",\"contentUrl\":\"https:\\\/\\\/areladefe.com\\\/wp-content\\\/uploads\\\/2025\\\/10\\\/areladefe-xoieria-creativa-logo-color.png\",\"width\":11811,\"height\":6377,\"caption\":\"ARELADEFE\"},\"image\":{\"@id\":\"https:\\\/\\\/areladefe.com\\\/#\\\/schema\\\/logo\\\/image\\\/\"},\"sameAs\":[\"https:\\\/\\\/www.instagram.com\\\/areladefe\\\/\"]}]}<\/script>\n<!-- \/ Yoast SEO plugin. -->","yoast_head_json":{"title":"Fe Gonz\u00e1lez | Joyer\u00eda artesanal en Galicia desde 2005 | areladefe","description":"Conoce a Fe Gonz\u00e1lez, artesana joyera con m\u00e1s de 20 a\u00f1os de experiencia. Su taller en Oia mira al mar. Cada pieza de areladefe nace de ese lugar y esa mirada.","robots":{"index":"index","follow":"follow","max-snippet":"max-snippet:-1","max-image-preview":"max-image-preview:large","max-video-preview":"max-video-preview:-1"},"canonical":"https:\/\/areladefe.com\/es\/fe-gonzalez\/","og_locale":"es_ES","og_type":"article","og_title":"Fe Gonz\u00e1lez | Joyer\u00eda artesanal en Galicia desde 2005 | areladefe","og_description":"Conoce a Fe Gonz\u00e1lez, artesana joyera con m\u00e1s de 20 a\u00f1os de experiencia. Su taller en Oia mira al mar. Cada pieza de areladefe nace de ese lugar y esa mirada.","og_url":"https:\/\/areladefe.com\/es\/fe-gonzalez\/","og_site_name":"ARELADEFE","article_modified_time":"2026-07-30T09:22:36+00:00","og_image":[{"url":"https:\/\/areladefe.com\/wp-content\/uploads\/2025\/09\/areladefe-solo-nombre.png","type":"","width":"","height":""}],"twitter_card":"summary_large_image","twitter_misc":{"Tiempo de lectura":"7 minutos"},"schema":{"@context":"https:\/\/schema.org","@graph":[{"@type":"WebPage","@id":"https:\/\/areladefe.com\/fe-gonzalez\/","url":"https:\/\/areladefe.com\/fe-gonzalez\/","name":"Fe Gonz\u00e1lez | Joyer\u00eda artesanal en Galicia desde 2005 | areladefe","isPartOf":{"@id":"https:\/\/areladefe.com\/#website"},"primaryImageOfPage":{"@id":"https:\/\/areladefe.com\/fe-gonzalez\/#primaryimage"},"image":{"@id":"https:\/\/areladefe.com\/fe-gonzalez\/#primaryimage"},"thumbnailUrl":"https:\/\/areladefe.com\/wp-content\/uploads\/2025\/09\/areladefe-solo-nombre.png","datePublished":"2025-09-13T20:16:53+00:00","dateModified":"2026-07-30T09:22:36+00:00","description":"Conoce a Fe Gonz\u00e1lez, artesana joyera con m\u00e1s de 20 a\u00f1os de experiencia. Su taller en Oia mira al mar. Cada pieza de areladefe nace de ese lugar y esa mirada.","breadcrumb":{"@id":"https:\/\/areladefe.com\/fe-gonzalez\/#breadcrumb"},"inLanguage":"es","potentialAction":[{"@type":"ReadAction","target":["https:\/\/areladefe.com\/fe-gonzalez\/"]}]},{"@type":"ImageObject","inLanguage":"es","@id":"https:\/\/areladefe.com\/fe-gonzalez\/#primaryimage","url":"https:\/\/areladefe.com\/wp-content\/uploads\/2025\/09\/areladefe-solo-nombre.png","contentUrl":"https:\/\/areladefe.com\/wp-content\/uploads\/2025\/09\/areladefe-solo-nombre.png"},{"@type":"BreadcrumbList","@id":"https:\/\/areladefe.com\/fe-gonzalez\/#breadcrumb","itemListElement":[{"@type":"ListItem","position":1,"name":"Portada","item":"https:\/\/areladefe.com\/"},{"@type":"ListItem","position":2,"name":"Fe Gonz\u00e1lez"}]},{"@type":"WebSite","@id":"https:\/\/areladefe.com\/#website","url":"https:\/\/areladefe.com\/","name":"ARELADEFE","description":"Joyer\u00eda creativa","publisher":{"@id":"https:\/\/areladefe.com\/#organization"},"potentialAction":[{"@type":"SearchAction","target":{"@type":"EntryPoint","urlTemplate":"https:\/\/areladefe.com\/?s={search_term_string}"},"query-input":{"@type":"PropertyValueSpecification","valueRequired":true,"valueName":"search_term_string"}}],"inLanguage":"es"},{"@type":"Organization","@id":"https:\/\/areladefe.com\/#organization","name":"ARELADEFE","url":"https:\/\/areladefe.com\/","logo":{"@type":"ImageObject","inLanguage":"es","@id":"https:\/\/areladefe.com\/#\/schema\/logo\/image\/","url":"https:\/\/areladefe.com\/wp-content\/uploads\/2025\/10\/areladefe-xoieria-creativa-logo-color.png","contentUrl":"https:\/\/areladefe.com\/wp-content\/uploads\/2025\/10\/areladefe-xoieria-creativa-logo-color.png","width":11811,"height":6377,"caption":"ARELADEFE"},"image":{"@id":"https:\/\/areladefe.com\/#\/schema\/logo\/image\/"},"sameAs":["https:\/\/www.instagram.com\/areladefe\/"]}]}},"_links":{"self":[{"href":"https:\/\/areladefe.com\/es\/wp-json\/wp\/v2\/pages\/667","targetHints":{"allow":["GET"]}}],"collection":[{"href":"https:\/\/areladefe.com\/es\/wp-json\/wp\/v2\/pages"}],"about":[{"href":"https:\/\/areladefe.com\/es\/wp-json\/wp\/v2\/types\/page"}],"author":[{"embeddable":true,"href":"https:\/\/areladefe.com\/es\/wp-json\/wp\/v2\/users\/1"}],"replies":[{"embeddable":true,"href":"https:\/\/areladefe.com\/es\/wp-json\/wp\/v2\/comments?post=667"}],"version-history":[{"count":52,"href":"https:\/\/areladefe.com\/es\/wp-json\/wp\/v2\/pages\/667\/revisions"}],"predecessor-version":[{"id":1920,"href":"https:\/\/areladefe.com\/es\/wp-json\/wp\/v2\/pages\/667\/revisions\/1920"}],"wp:attachment":[{"href":"https:\/\/areladefe.com\/es\/wp-json\/wp\/v2\/media?parent=667"}],"curies":[{"name":"wp","href":"https:\/\/api.w.org\/{rel}","templated":true}]}}