{"id":1606,"date":"2025-11-17T17:59:51","date_gmt":"2025-11-17T17:59:51","guid":{"rendered":"https:\/\/areladefe.com\/?post_type=product&#038;p=1606"},"modified":"2026-07-30T10:35:08","modified_gmt":"2026-07-30T10:35:08","slug":"97-pendentes","status":"publish","type":"product","link":"https:\/\/areladefe.com\/es\/producto\/97-pendentes\/","title":{"rendered":"Pendientes de 97\u00b0"},"content":{"rendered":"<p>Esta colecci\u00f3n naci\u00f3 de un encuentro fortuito, un descubrimiento inesperado. Cer\u00e1mica industrial con historia. Estas piezas de cer\u00e1mica nacieron en 1997 en una f\u00e1brica del Baixo Mi\u00f1o, As Cachadas. Con ellas cre\u00e9 esta colecci\u00f3n donde tradici\u00f3n y contemporaneidad se fusionan, y el cuero natural sirve de soporte para lucir joyas elegantes e innovadoras a la vez.<\/p>","protected":false},"excerpt":{"rendered":"<p>97\u00b0 Pendiente de cer\u00e1mica, gancho de plata, chapado en oro.<\/p>\n<p>Azul | blanco | negro | amarillo | marr\u00f3n<\/p>","protected":false},"featured_media":1518,"comment_status":"open","ping_status":"closed","template":"","meta":[],"product_brand":[],"product_cat":[44,29],"product_tag":[],"class_list":{"0":"post-1606","1":"product","2":"type-product","3":"status-publish","4":"has-post-thumbnail","6":"product_cat-44","7":"product_cat-pendente","9":"first","10":"instock","11":"taxable","12":"shipping-taxable","13":"purchasable","14":"product-type-variable"},"yoast_head":"<!-- This site is optimized with the Yoast SEO plugin v28.2 - https:\/\/yoast.com\/product\/yoast-seo-wordpress\/ -->\n<title>Pendientes 97\u00b0 \u00b7 Cer\u00e1mica artesanal hecha a mano \u00b7 areladefe<\/title>\n<meta name=\"description\" content=\"Pendientes de la Colecci\u00f3n 97\u00b0, elaborados con cer\u00e1mica industrial de 1997. Dise\u00f1o artesanal contempor\u00e1neo hecho a mano en el Baixo Mi\u00f1o, Galicia.\" \/>\n<meta name=\"robots\" content=\"index, follow, max-snippet:-1, max-image-preview:large, max-video-preview:-1\" \/>\n<link rel=\"canonical\" href=\"https:\/\/areladefe.com\/es\/producto\/97-pendentes\/\" \/>\n<meta property=\"og:locale\" content=\"es_ES\" \/>\n<meta property=\"og:type\" content=\"article\" \/>\n<meta property=\"og:title\" content=\"Pendientes 97\u00b0 \u00b7 Cer\u00e1mica artesanal hecha a mano \u00b7 areladefe\" \/>\n<meta property=\"og:description\" content=\"Pendientes de la Colecci\u00f3n 97\u00b0, elaborados con cer\u00e1mica industrial de 1997. Dise\u00f1o artesanal contempor\u00e1neo hecho a mano en el Baixo Mi\u00f1o, Galicia.\" \/>\n<meta property=\"og:url\" content=\"https:\/\/areladefe.com\/es\/producto\/97-pendentes\/\" \/>\n<meta property=\"og:site_name\" content=\"ARELADEFE\" \/>\n<meta property=\"article:modified_time\" content=\"2026-07-30T10:35:08+00:00\" \/>\n<meta property=\"og:image\" content=\"https:\/\/areladefe.com\/wp-content\/uploads\/2025\/11\/areladefe_web_modelo2025_008.webp\" \/>\n\t<meta property=\"og:image:width\" content=\"1200\" \/>\n\t<meta property=\"og:image:height\" content=\"1200\" \/>\n\t<meta property=\"og:image:type\" content=\"image\/webp\" \/>\n<meta name=\"twitter:card\" content=\"summary_large_image\" \/>\n<meta name=\"twitter:label1\" content=\"Tiempo de lectura\" \/>\n\t<meta name=\"twitter:data1\" content=\"1 minuto\" \/>\n<script type=\"application\/ld+json\" class=\"yoast-schema-graph\">{\"@context\":\"https:\\\/\\\/schema.org\",\"@graph\":[{\"@type\":\"WebPage\",\"@id\":\"https:\\\/\\\/areladefe.com\\\/producto\\\/97-pendentes\\\/\",\"url\":\"https:\\\/\\\/areladefe.com\\\/producto\\\/97-pendentes\\\/\",\"name\":\"Pendientes 97\u00b0 \u00b7 Cer\u00e1mica artesanal hecha a mano \u00b7 areladefe\",\"isPartOf\":{\"@id\":\"https:\\\/\\\/areladefe.com\\\/#website\"},\"primaryImageOfPage\":{\"@id\":\"https:\\\/\\\/areladefe.com\\\/producto\\\/97-pendentes\\\/#primaryimage\"},\"image\":{\"@id\":\"https:\\\/\\\/areladefe.com\\\/producto\\\/97-pendentes\\\/#primaryimage\"},\"thumbnailUrl\":\"https:\\\/\\\/areladefe.com\\\/wp-content\\\/uploads\\\/2025\\\/11\\\/areladefe_web_modelo2025_008.webp\",\"datePublished\":\"2025-11-17T17:59:51+00:00\",\"dateModified\":\"2026-07-30T10:35:08+00:00\",\"description\":\"Pendientes de la Colecci\u00f3n 97\u00b0, elaborados con cer\u00e1mica industrial de 1997. Dise\u00f1o artesanal contempor\u00e1neo hecho a mano en el Baixo Mi\u00f1o, Galicia.\",\"breadcrumb\":{\"@id\":\"https:\\\/\\\/areladefe.com\\\/producto\\\/97-pendentes\\\/#breadcrumb\"},\"inLanguage\":\"es\",\"potentialAction\":[{\"@type\":\"ReadAction\",\"target\":[\"https:\\\/\\\/areladefe.com\\\/producto\\\/97-pendentes\\\/\"]}]},{\"@type\":\"ImageObject\",\"inLanguage\":\"es\",\"@id\":\"https:\\\/\\\/areladefe.com\\\/producto\\\/97-pendentes\\\/#primaryimage\",\"url\":\"https:\\\/\\\/areladefe.com\\\/wp-content\\\/uploads\\\/2025\\\/11\\\/areladefe_web_modelo2025_008.webp\",\"contentUrl\":\"https:\\\/\\\/areladefe.com\\\/wp-content\\\/uploads\\\/2025\\\/11\\\/areladefe_web_modelo2025_008.webp\",\"width\":1200,\"height\":1200},{\"@type\":\"BreadcrumbList\",\"@id\":\"https:\\\/\\\/areladefe.com\\\/producto\\\/97-pendentes\\\/#breadcrumb\",\"itemListElement\":[{\"@type\":\"ListItem\",\"position\":1,\"name\":\"Portada\",\"item\":\"https:\\\/\\\/areladefe.com\\\/\"},{\"@type\":\"ListItem\",\"position\":2,\"name\":\"Tienda\",\"item\":\"https:\\\/\\\/areladefe.com\\\/tienda\\\/\"},{\"@type\":\"ListItem\",\"position\":3,\"name\":\"97\u00b0 Pendentes\"}]},{\"@type\":\"WebSite\",\"@id\":\"https:\\\/\\\/areladefe.com\\\/#website\",\"url\":\"https:\\\/\\\/areladefe.com\\\/\",\"name\":\"ARELADEFE\",\"description\":\"Xoier\u00eda creativa\",\"publisher\":{\"@id\":\"https:\\\/\\\/areladefe.com\\\/#organization\"},\"potentialAction\":[{\"@type\":\"SearchAction\",\"target\":{\"@type\":\"EntryPoint\",\"urlTemplate\":\"https:\\\/\\\/areladefe.com\\\/?s={search_term_string}\"},\"query-input\":{\"@type\":\"PropertyValueSpecification\",\"valueRequired\":true,\"valueName\":\"search_term_string\"}}],\"inLanguage\":\"es\"},{\"@type\":\"Organization\",\"@id\":\"https:\\\/\\\/areladefe.com\\\/#organization\",\"name\":\"ARELADEFE\",\"url\":\"https:\\\/\\\/areladefe.com\\\/\",\"logo\":{\"@type\":\"ImageObject\",\"inLanguage\":\"es\",\"@id\":\"https:\\\/\\\/areladefe.com\\\/#\\\/schema\\\/logo\\\/image\\\/\",\"url\":\"https:\\\/\\\/areladefe.com\\\/wp-content\\\/uploads\\\/2025\\\/10\\\/areladefe-xoieria-creativa-logo-color.png\",\"contentUrl\":\"https:\\\/\\\/areladefe.com\\\/wp-content\\\/uploads\\\/2025\\\/10\\\/areladefe-xoieria-creativa-logo-color.png\",\"width\":11811,\"height\":6377,\"caption\":\"ARELADEFE\"},\"image\":{\"@id\":\"https:\\\/\\\/areladefe.com\\\/#\\\/schema\\\/logo\\\/image\\\/\"},\"sameAs\":[\"https:\\\/\\\/www.instagram.com\\\/areladefe\\\/\"]}]}<\/script>\n<!-- \/ Yoast SEO plugin. -->","yoast_head_json":{"title":"Pendientes 97\u00b0 \u00b7 Cer\u00e1mica artesanal hecha a mano \u00b7 areladefe","description":"Pendientes de la Colecci\u00f3n 97\u00b0, elaborados con cer\u00e1mica industrial de 1997. Dise\u00f1o artesanal contempor\u00e1neo hecho a mano en el Baixo Mi\u00f1o, Galicia.","robots":{"index":"index","follow":"follow","max-snippet":"max-snippet:-1","max-image-preview":"max-image-preview:large","max-video-preview":"max-video-preview:-1"},"canonical":"https:\/\/areladefe.com\/es\/producto\/97-pendentes\/","og_locale":"es_ES","og_type":"article","og_title":"Pendientes 97\u00b0 \u00b7 Cer\u00e1mica artesanal hecha a mano \u00b7 areladefe","og_description":"Pendientes de la Colecci\u00f3n 97\u00b0, elaborados con cer\u00e1mica industrial de 1997. Dise\u00f1o artesanal contempor\u00e1neo hecho a mano en el Baixo Mi\u00f1o, Galicia.","og_url":"https:\/\/areladefe.com\/es\/producto\/97-pendentes\/","og_site_name":"ARELADEFE","article_modified_time":"2026-07-30T10:35:08+00:00","og_image":[{"width":1200,"height":1200,"url":"https:\/\/areladefe.com\/wp-content\/uploads\/2025\/11\/areladefe_web_modelo2025_008.webp","type":"image\/webp"}],"twitter_card":"summary_large_image","twitter_misc":{"Tiempo de lectura":"1 minuto"},"schema":{"@context":"https:\/\/schema.org","@graph":[{"@type":"WebPage","@id":"https:\/\/areladefe.com\/producto\/97-pendentes\/","url":"https:\/\/areladefe.com\/producto\/97-pendentes\/","name":"Pendientes 97\u00b0 \u00b7 Cer\u00e1mica artesanal hecha a mano \u00b7 areladefe","isPartOf":{"@id":"https:\/\/areladefe.com\/#website"},"primaryImageOfPage":{"@id":"https:\/\/areladefe.com\/producto\/97-pendentes\/#primaryimage"},"image":{"@id":"https:\/\/areladefe.com\/producto\/97-pendentes\/#primaryimage"},"thumbnailUrl":"https:\/\/areladefe.com\/wp-content\/uploads\/2025\/11\/areladefe_web_modelo2025_008.webp","datePublished":"2025-11-17T17:59:51+00:00","dateModified":"2026-07-30T10:35:08+00:00","description":"Pendientes de la Colecci\u00f3n 97\u00b0, elaborados con cer\u00e1mica industrial de 1997. Dise\u00f1o artesanal contempor\u00e1neo hecho a mano en el Baixo Mi\u00f1o, Galicia.","breadcrumb":{"@id":"https:\/\/areladefe.com\/producto\/97-pendentes\/#breadcrumb"},"inLanguage":"es","potentialAction":[{"@type":"ReadAction","target":["https:\/\/areladefe.com\/producto\/97-pendentes\/"]}]},{"@type":"ImageObject","inLanguage":"es","@id":"https:\/\/areladefe.com\/producto\/97-pendentes\/#primaryimage","url":"https:\/\/areladefe.com\/wp-content\/uploads\/2025\/11\/areladefe_web_modelo2025_008.webp","contentUrl":"https:\/\/areladefe.com\/wp-content\/uploads\/2025\/11\/areladefe_web_modelo2025_008.webp","width":1200,"height":1200},{"@type":"BreadcrumbList","@id":"https:\/\/areladefe.com\/producto\/97-pendentes\/#breadcrumb","itemListElement":[{"@type":"ListItem","position":1,"name":"Portada","item":"https:\/\/areladefe.com\/"},{"@type":"ListItem","position":2,"name":"Tienda","item":"https:\/\/areladefe.com\/tienda\/"},{"@type":"ListItem","position":3,"name":"97\u00b0 Pendentes"}]},{"@type":"WebSite","@id":"https:\/\/areladefe.com\/#website","url":"https:\/\/areladefe.com\/","name":"ARELADEFE","description":"Joyer\u00eda creativa","publisher":{"@id":"https:\/\/areladefe.com\/#organization"},"potentialAction":[{"@type":"SearchAction","target":{"@type":"EntryPoint","urlTemplate":"https:\/\/areladefe.com\/?s={search_term_string}"},"query-input":{"@type":"PropertyValueSpecification","valueRequired":true,"valueName":"search_term_string"}}],"inLanguage":"es"},{"@type":"Organization","@id":"https:\/\/areladefe.com\/#organization","name":"ARELADEFE","url":"https:\/\/areladefe.com\/","logo":{"@type":"ImageObject","inLanguage":"es","@id":"https:\/\/areladefe.com\/#\/schema\/logo\/image\/","url":"https:\/\/areladefe.com\/wp-content\/uploads\/2025\/10\/areladefe-xoieria-creativa-logo-color.png","contentUrl":"https:\/\/areladefe.com\/wp-content\/uploads\/2025\/10\/areladefe-xoieria-creativa-logo-color.png","width":11811,"height":6377,"caption":"ARELADEFE"},"image":{"@id":"https:\/\/areladefe.com\/#\/schema\/logo\/image\/"},"sameAs":["https:\/\/www.instagram.com\/areladefe\/"]}]}},"_links":{"self":[{"href":"https:\/\/areladefe.com\/es\/wp-json\/wp\/v2\/product\/1606","targetHints":{"allow":["GET"]}}],"collection":[{"href":"https:\/\/areladefe.com\/es\/wp-json\/wp\/v2\/product"}],"about":[{"href":"https:\/\/areladefe.com\/es\/wp-json\/wp\/v2\/types\/product"}],"replies":[{"embeddable":true,"href":"https:\/\/areladefe.com\/es\/wp-json\/wp\/v2\/comments?post=1606"}],"version-history":[{"count":1,"href":"https:\/\/areladefe.com\/es\/wp-json\/wp\/v2\/product\/1606\/revisions"}],"predecessor-version":[{"id":1612,"href":"https:\/\/areladefe.com\/es\/wp-json\/wp\/v2\/product\/1606\/revisions\/1612"}],"wp:featuredmedia":[{"embeddable":true,"href":"https:\/\/areladefe.com\/es\/wp-json\/wp\/v2\/media\/1518"}],"wp:attachment":[{"href":"https:\/\/areladefe.com\/es\/wp-json\/wp\/v2\/media?parent=1606"}],"wp:term":[{"taxonomy":"product_brand","embeddable":true,"href":"https:\/\/areladefe.com\/es\/wp-json\/wp\/v2\/product_brand?post=1606"},{"taxonomy":"product_cat","embeddable":true,"href":"https:\/\/areladefe.com\/es\/wp-json\/wp\/v2\/product_cat?post=1606"},{"taxonomy":"product_tag","embeddable":true,"href":"https:\/\/areladefe.com\/es\/wp-json\/wp\/v2\/product_tag?post=1606"}],"curies":[{"name":"wp","href":"https:\/\/api.w.org\/{rel}","templated":true}]}}